{"id":106,"date":"2019-12-02T21:21:03","date_gmt":"2019-12-02T21:21:03","guid":{"rendered":"https:\/\/www.gsoffenhausen.schule.neu-ulm.de\/?page_id=106"},"modified":"2024-04-19T05:53:37","modified_gmt":"2024-04-19T05:53:37","slug":"datenschutzerklaerung","status":"publish","type":"page","link":"https:\/\/gsoffenhausen.schule.neu-ulm.de\/?page_id=106","title":{"rendered":"Datenschutzerkl\u00e4rung"},"content":{"rendered":"\n<p>\n<strong>Datenschutzhinweise<\/strong><sup><strong><a href=\"#sdfootnote1sym\"><sup>1<\/sup><\/a><\/strong><\/sup>\n<\/p>\n\n\n\n<p>\n<strong>A) Allgemeine Informationen\n<\/strong>\n<\/p>\n\n\n\n<p>\n<strong>Name und Kontaktdaten des\nVerantwortlichen<\/strong><\/p>\n\n\n\n<p>Grundschule Neu-Ulm-Offenhausen<br>Stephanie Klippstein, Rektorin <br>Martin-Luther-Stra\u00dfe 4<br>89231 Neu-Ulm<\/p>\n\n\n\n<p>Telefon: 0731\/73913<br>Telefax: 0731\/9723342<\/p>\n\n\n\n<p>E-Mail: Info@gsoffenhausen.schule.neu-ulm.de<\/p>\n\n\n\n<p>\n<strong>Kontaktdaten des\/der\nDatenschutzbeauftragten <\/strong>\n<\/p>\n\n\n\n<p>\nBeh\u00f6rdliche(r) Datenschutzbeauftragte(r) der\/des (Bezeichnung der\nSchule) \n<\/p>\n\n\n\n<p>Beh\u00f6rdlicher Datenschutzbeauftragter f\u00fcr alle stattlichen Grund-, Mittel- und F\u00f6rderschulen im Landkreis Neu-Ulm, Staatliches Schulamt im Landkreis Neu-Ulm<\/p>\n\n\n\n<p>&#8211; pers\u00f6nlich &#8211;<\/p>\n\n\n\n<p>Daniel Lidl<\/p>\n\n\n\n<p>Staatl. Schulamt im Ldkr. Neu-Ulm<\/p>\n\n\n\n<p>Augsburger Str. 75<\/p>\n\n\n\n<p>89231 Neu-Ulm<\/p>\n\n\n\n<p>Mobil: 0173-3641174 &nbsp;<\/p>\n\n\n\n<p>Mail.:<a href=\"mailto:lidl.schulamt@lra.neu-ulm.de\"><a href=\"mailto:Lidl.schulamt@landkreis-nu.de\">Lidl.schulamt@landkreis-nu.de<\/a><\/a><\/p>\n\n\n\n<p>\n<strong>Zwecke und Rechtsgrundlagen\nf\u00fcr die Verarbeitung Ihrer Daten<\/strong><\/p>\n\n\n\n<p>Wir verarbeiten personenbezogene Daten zur Erf\u00fcllung des Bildungs- und Erziehungsauftrags, den das Bayerische Gesetz \u00fcber das Erziehungs- und Unterrichtswesen (BayEUG) den Schulen zuweist.<\/p>\n\n\n\n<p>\nDie Rechtsgrundlage f\u00fcr die Verarbeitung Ihrer Daten ergibt sich,\nsoweit im Folgenden nichts anderes angegeben ist, aus Art. 85 des\nBayerischen Erziehungs- und Unterrichtsgesetztes (BayEUG) in\nVerbindung mit Art. 6 Abs. 1 UAbs. 1 Buchstabe e der\nDatenschutzgrundverordnung (DSGVO).<\/p>\n\n\n\n<p>Demnach ist es uns erlaubt, die zur Erf\u00fcllung der schulischen Aufgaben erforderlichen Daten zu verarbeiten.  <\/p>\n\n\n\n<p>\n<strong>Empf\u00e4nger von\npersonenbezogenen Daten<\/strong><\/p>\n\n\n\n<p>\nDer technische Betrieb unserer Datenverarbeitungssysteme erfolgt\ngrunds\u00e4tzlich durch \n<\/p>\n\n\n\n<p>Landratsamt Neu-Ulm&nbsp;in unserem Auftrag.  <\/p>\n\n\n\n<p>\nF\u00fcr einzelne Verfahren setzen wir weitere Auftragsverarbeiter ein. \n<\/p>\n\n\n\n<p>Auf Anforderung werden Ihre Daten an die zust\u00e4ndigen Aufsichts- und Rechnungspr\u00fcfungsbeh\u00f6rden zur Wahrnehmung der jeweiligen Kontrollrechte \u00fcbermittelt.  <\/p>\n\n\n\n<p>\n<strong>Dauer der Speicherung der\npersonenbezogenen Daten <\/strong>\n<\/p>\n\n\n\n<p>Ihre Daten werden nur so lange gespeichert, wie dies unter Beachtung gesetzlicher Aufbewahrungsfristen zur Aufgabenerf\u00fcllung erforderlich ist. <br> <br> <br> <\/p>\n\n\n\n<p>\n<strong>Ihre Rechte<\/strong><\/p>\n\n\n\n<p>\nAls Betroffener einer Datenverarbeitung haben Sie die folgenden\nRechte:<\/p>\n\n\n\n<ul class=\"wp-block-list\">\n<li>Sie haben das\n\tRecht auf Auskunft \u00fcber die zu Ihrer Person gespeicherten Daten\n\t(Art. 15 DSGVO).\n\t<\/li>\n\n\n\n<li>Sollten\n\tunrichtige personenbezogene Daten verarbeitet werden, steht Ihnen\n\tein Recht auf Berichtigung zu (Art. 16 DSGVO).\n\t<\/li>\n\n\n\n<li>Liegen die\n\tgesetzlichen Voraussetzungen vor, so k\u00f6nnen Sie die L\u00f6schung oder\n\tEinschr\u00e4nkung der Verarbeitung verlangen (Art. 17 und 18 DSGVO).\n\t<\/li>\n\n\n\n<li>Wenn Sie in die\n\tDatenverarbeitung eingewilligt haben oder ein Vertrag zur\n\tDatenverarbeitung besteht und die Datenverarbeitung mithilfe\n\tautomatisierter Verfahren durchgef\u00fchrt wird, steht Ihnen\n\tgegebenenfalls ein Recht auf Daten\u00fcbertragbarkeit zu (Art. 20\n\tDSGVO). \n\t\n\t<\/li>\n\n\n\n<li>Falls Sie in\n\tdie Verarbeitung eingewilligt haben und die Verarbeitung auf dieser\n\tEinwilligung beruht, k\u00f6nnen Sie die Einwilligung jederzeit f\u00fcr die\n\tZukunft widerrufen. Die Rechtm\u00e4\u00dfigkeit der aufgrund der\n\tEinwilligung bis zum Widerruf erfolgten Datenverarbeitung wird durch\n\tdiesen nicht ber\u00fchrt.\n<\/li>\n<\/ul>\n\n\n\n<p>Sie haben das Recht, aus Gr\u00fcnden, die sich aus Ihrer besonderen Situation ergeben, jederzeit gegen die Verarbeitung Ihrer Daten <strong>Widerspruch<\/strong> einzulegen, wenn die Verarbeitung auf Grundlage des Art. 6 Abs. 1 UAbs. 1 Buchst. e DSGVO erfolgt (Art. 21 Abs. 1 Satz 1 DSGVO).  <\/p>\n\n\n\n<p>\n<strong>Beschwerderecht bei der\nAufsichtsbeh\u00f6rde<\/strong><\/p>\n\n\n\n<p>Unabh\u00e4ngig davon besteht ein Beschwerderecht beim Bayerischen Landesbeauftragten f\u00fcr den Datenschutz, den Sie unter folgenden Kontaktdaten erreichen:  <\/p>\n\n\n\n<p>\nPostanschrift: Postfach 22 12 19, 80502 M\u00fcnchen <br>\nAdresse:\nWagm\u00fcllerstra\u00dfe 18, 80538 M\u00fcnchen <br>\nTelefon: 089 212672-0\n<br>\nTelefax: 089 212672-50<\/p>\n\n\n\n<p>\nE-Mail: <a href=\"mailto:poststelle@datenschutz-bayern.de\">poststelle@datenschutz-bayern.de<\/a><br>\nInternet:\n<a href=\"https:\/\/www.datenschutz-bayern.de\/\">https:\/\/www.datenschutz-bayern.de\/<\/a>&nbsp;<\/p>\n\n\n\n<p>\n<strong>Weitere Informationen<\/strong><\/p>\n\n\n\n<p>F\u00fcr n\u00e4here Informationen zur Verarbeitung Ihrer Daten und zu Ihren Rechten k\u00f6nnen Sie uns unter den oben (zu Beginn von A) genannten Kontaktdaten erreichen.  <\/p>\n\n\n\n<p>\n<strong>B) Informationen zum\nInternetauftritt<\/strong><\/p>\n\n\n\n<p>Hinweis: Die folgenden Ausf\u00fchrungen sind an die \u00f6rtlichen Gegebenheiten anzupassen. N\u00e4here Ausk\u00fcnfte kann die Schule ggf. vom Auftragsverarbeiter (Internethoster der Schule) erhalten.<\/p>\n\n\n\n<p>\n<strong>Technische Umsetzung<\/strong><\/p>\n\n\n\n<p>Unser Webserver wird durch das  Landratsamt Neu-Ulm,  Kantstra\u00dfe 8, 89231 Neu-Ulm betrieben. Die von Ihnen im Rahmen des Besuchs unseres Webauftritts \u00fcbermittelten personenbezogenen Daten werden daher durch diesen Auftragsverarbeiter in unserem Auftrag verarbeitet.<\/p>\n\n\n\n<p>\n<strong>Protokollierung<\/strong><\/p>\n\n\n\n<p>Wenn Sie diese oder andere Internetseiten aufrufen, \u00fcbermitteln Sie \u00fcber Ihren Internetbrowser Daten an unseren Webserver. Die folgenden Daten werden w\u00e4hrend einer laufenden Verbindung zur Kommunikation zwischen Ihrem Internetbrowser und unserem Webserver aufgezeichnet:  <\/p>\n\n\n\n<ul class=\"wp-block-list\">\n<li>Datum und\n\tUhrzeit der Anforderung \n\t\n\t<\/li>\n\n\n\n<li>Name der\n\tangeforderten Datei \n\t\n\t<\/li>\n\n\n\n<li>Seite, von der\n\taus die Datei angefordert wurde \n\t\n\t<\/li>\n\n\n\n<li>Zugriffsstatus\n\t(Datei \u00fcbertragen, Datei nicht gefunden, etc.) \n\t\n\t<\/li>\n\n\n\n<li>verwendete\n\tInternetbrowser und verwendetes\n\tBetriebssystem \n\t\n\t<\/li>\n\n\n\n<li>vollst\u00e4ndige\n\tIP-Adresse des anfordernden Rechners \n\t\n\t<\/li>\n\n\n\n<li>\u00fcbertragene\n\tDatenmenge.\n<\/li>\n<\/ul>\n\n\n\n<p>\n<em>Variante 1\t<\/em><\/p>\n\n\n\n<p>\nNach Ende der Verbindung werden diese Daten gel\u00f6scht.<\/p>\n\n\n\n<p>\n<em>Variante 2<\/em><\/p>\n\n\n\n<p>\nNach Ende der Verbindung werden die Daten durch Verk\u00fcrzung der\nIP-Adresse auf Domain-Ebene anonymisiert, so dass es nicht mehr\nm\u00f6glich ist, einen Bezug auf einzelne Nutzer herzustellen.<\/p>\n\n\n\n<p>\nVariante 3 \n<\/p>\n\n\n\n<p>\nAus Gr\u00fcnden der technischen Sicherheit, insbesondere zur Abwehr von\nAngriffsversuchen auf unseren Webserver, werden diese Daten von uns\ngespeichert. Nach sp\u00e4testens sieben Tagen werden die Daten durch\nVerk\u00fcrzung der IP-Adresse auf Domain-Ebene anonymisiert, so dass es\nnicht mehr m\u00f6glich ist, einen Bezug auf einzelne Nutzer\nherzustellen.  \n<\/p>\n\n\n\n<p>\n<strong>Aktive Komponenten<\/strong><\/p>\n\n\n\n<p>Wir verwenden aktive Komponenten wie Javascript, Java-Applets oder Active-X-Controls. Diese Funktion kann durch die Einstellung Ihres Internetbrowsers von Ihnen abgeschaltet werden.<\/p>\n\n\n\n<p>\n<strong>Cookies<\/strong><\/p>\n\n\n\n<p>\nBeim Zugriff auf dieses Internetangebot werden von uns Cookies\n(kleine Dateien) auf Ihrem Ger\u00e4t gespeichert, die f\u00fcr die Dauer\nIhres Besuches auf der Internetseite g\u00fcltig sind\n(\u201esession-cookies\u201c). Wir verwenden diese ausschlie\u00dflich w\u00e4hrend\nIhres Besuchs unserer Internetseite. Die meisten Browser sind so\neingestellt, dass sie die Verwendung von Cookies akzeptieren, diese\nFunktion kann aber durch die Einstellung des Internetbrowsers von\nIhnen f\u00fcr die laufende Sitzung oder dauerhaft abgeschaltet werden.\nNach Ende Ihres Besuches wird Ihr Browser diese Cookies automatisch\nl\u00f6schen.<\/p>\n\n\n\n<p>\n<strong>Auswertung des\nNutzungsverhaltens (Webtracking-Systeme; Reichweitenmessung) <\/strong>\n<\/p>\n\n\n\n<p>\nProgramme zur Auswertung des Nutzerverhaltens werden von uns nicht\neingesetzt.<\/p>\n\n\n\n<p>\n<strong>C) Informationen zu\nweiteren Verarbeitungen <\/strong>\n<\/p>\n\n\n\n<p>\nZur Erf\u00fcllung schulischer Aufgaben (Art. 2 BayEUG) verarbeiten wir\npersonenbezogene Daten \u00fcber folgende Personengruppen:<\/p>\n\n\n\n<p>\n<strong>a) Daten von Sch\u00fclerinnen\nund Sch\u00fclern und Erziehungsberechtigten<\/strong><\/p>\n\n\n\n<p>\nBei den Daten von Sch\u00fclerinnen und Sch\u00fclern handelt es sich\ninsbesondere um Name, Adressdaten, Staatsangeh\u00f6rigkeit,\nReligionszugeh\u00f6rigkeit (soweit f\u00fcr die Schulpraxis erforderlich),\nMigrationshintergrund (Geburtsland, Jahr des Zuzugs nach Deutschland,\nMuttersprache deutsch\/nicht deutsch), Leistungsdaten, Daten zur\nschulischen und beruflichen Vorbildung sowie zur Berufsausbildung.\nGgf. werden auch besondere p\u00e4dagogische F\u00f6rderma\u00dfnahmen, z.B.\nEmpfehlungen zur Schullaufbahn, Schulvers\u00e4umnisse und\nOrdnungsma\u00dfnahmen nach Art. 86 BayEUG gespeichert. \n<\/p>\n\n\n\n<p>\nBei den Daten von den Erziehungsberechtigten handelt es sich\ninsbesondere um Name und Adressdaten sowie Angaben zum Sorgerecht. <br>\n<br>\n<br>\n\n<\/p>\n\n\n\n<p>\n<em>Rechtsgrundlage<\/em><\/p>\n\n\n\n<p>\nZentrale Rechtsgrundlage ist Art. 85 Abs. 1 BayEUG. Danach d\u00fcrfen\nSchulen die zur Erf\u00fcllung der ihnen durch Rechtsvorschriften\nzugewiesenen Aufgaben erforderlichen Daten der Sch\u00fclerinnen und\nSch\u00fcler und deren Erziehungsberechtigten verarbeiten.<\/p>\n\n\n\n<p>\nDie Datenverarbeitung im Rahmen der Herausgabe eines Jahresberichts\nf\u00fcr die Sch\u00fclerinnen und Sch\u00fcler und die Erziehungsberechtigten\nberuht auf Art. 85 Abs. 3 BayEUG, gegebenenfalls im Hinblick auf\nFotos auf einer Einwilligung.<\/p>\n\n\n\n<p>\nRechtsgrundlage f\u00fcr die Verarbeitung von Name und Adressdaten der\nErziehungsberechtigten sowie von Angaben zum Sorgerecht ist Art. 85\nAbs. 1 Satz 3 BayEUG.<\/p>\n\n\n\n<p>\n<em>Zwecke<\/em><\/p>\n\n\n\n<p>\nDie Datenverarbeitung an unserer Schule dient in diesem Rahmen\ninsbesondere folgenden spezifischen Zwecken:<\/p>\n\n\n\n<p>\nKommunikation mit Erziehungsberechtigten (Art. 2 Abs. 4 BayEUG),\nDokumentation von Sch\u00fcler- und Sch\u00fclerleistungsdaten,\nZeugniserstellung (Art. 52, 85a BayEUG und Bestimmungen der\nSchulordnungen und der Lehrerdienstordnung); Ermittlung des\nsonderp\u00e4dagogischen F\u00f6rderbedarfs (Art. 19 BayEUG); Einsatz Mobiler\nSonderp\u00e4dagogischer Dienste (Art. 21 BayEUG), Praktikumsverwaltung\n(Art. 50 Abs. 3 und 4  BayEUG); \u00dcberwachung der Schulpflicht (Art.\n57 BayEUG); Mitgestaltung des schulischen Lebens (Art. 62 ff.\nBayEUG); Erziehungs- und Ordnungsma\u00dfnahmen (Art. 86 BayEUG);\nDurchf\u00fchrung der Schulstatistik (Art. 113b BayEUG); Evaluation und\nQualit\u00e4tsentwicklung (Art. 113c BayEUG); Schulfinanzierung (Art. 4,\n10, 19 Bayerisches Schulfinanzierungsgesetz &#8211; BaySchFG);\n\u00d6ffentlichkeitsarbeit.<\/p>\n\n\n\n<p>\n<em>Auskunftspflicht gegen\u00fcber der Schule<br>\nEine Pflicht zur\nAuskunft durch Sch\u00fclerinnen und Sch\u00fcler beziehungsweise der\nErziehungsberechtigten besteht nach Ma\u00dfgabe von Art. 85 Abs. 1 Satz\n3 und Satz 4 BayEUG. <\/em>\n<\/p>\n\n\n\n<p>\n<em>Empf\u00e4nger <\/em>\n<\/p>\n\n\n\n<p>\nAn au\u00dferschulische Stellen \u00fcbermitteln wir Daten unserer\nSch\u00fclerinnen und Sch\u00fcler nur, soweit es zur Erf\u00fcllung unserer\nAufgaben erforderlich oder anderweitig gesetzlich vorgesehen ist. \n<\/p>\n\n\n\n<p>\nZu den Empf\u00e4ngern geh\u00f6ren insbesondere:<\/p>\n\n\n\n<ul class=\"wp-block-list\">\n<li>Erziehungsberechtigte,\n\tSch\u00fclerinnen und Sch\u00fcler (Art. 85 Abs. 3 BayEUG)\n\t<\/li>\n\n\n\n<li>die zust\u00e4ndigen\n\tSchulaufsichtsbeh\u00f6rden (Art. 113 BayEUG)\n\t<\/li>\n\n\n\n<li>das zust\u00e4ndige\n\tJugendamt (Art. 31 BayEUG)\n\t<\/li>\n\n\n\n<li>die Tr\u00e4ger des\n\tSachaufwands (Art. 10, 19 BaySchFG)\n\t<\/li>\n\n\n\n<li>die Tr\u00e4ger des\n\tAufwands der Sch\u00fclerbef\u00f6rderung (Art. 1 Abs. 1 und 5\n\tSchulwegkostenfreiheitsgesetz &#8211; SchKFrG i.V.m. der Verordnung \u00fcber\n\tdie Sch\u00fclerbef\u00f6rderung)\n\t<\/li>\n\n\n\n<li>das Landesamt\n\tf\u00fcr Statistik (Art. 113b Abs. 10 BayEUG)\n\t<\/li>\n\n\n\n<li>die aufnehmende\n\tSchule im Falle eines Schulwechsels (Art. 85a Abs. 2 BayEUG, \u00a7 39\n\tBaySchO)\n\t<\/li>\n\n\n\n<li>das\n\tEinwohnermeldeamt (bei Abmeldung ausl\u00e4ndischer Sch\u00fcler vom\n\tSchulbesuch in Bayern, \u00a7 3 Mittelschulordnung &#8211; MSO)\n\t<\/li>\n\n\n\n<li>die jeweils\n\tzust\u00e4ndige Handwerkskammer als Tr\u00e4ger \u00fcberbetrieblicher\n\tUnterweisungsma\u00dfnahmen (Art. 85 Abs. 1 i.V.m. Art. 59 Abs. 3 BayEUG\n\ti.V.m. \u00a7 21 Berufsschulordnung &#8211; BSO) \n\t\n\t<\/li>\n\n\n\n<li>die f\u00fcr die\n\tBerufsausbildung zust\u00e4ndigen Stellen (\u00a7 37 Abs. 3 Satz 2\n\tBerufsbildungsgesetz &#8211; BBiG)\n\t<\/li>\n\n\n\n<li>die\n\tKreisverwaltungsbeh\u00f6rden (Art. 118 BayEUG und Art. 119 BayEUG)\n\t<\/li>\n\n\n\n<li>bei\n\tarchivierungsw\u00fcrdigen Unterlagen nach Ablauf der Aufbewahrungsfrist\n\tggf. das zust\u00e4ndige Archiv nach dem Bayerischen Archivgesetz\n\t(BayArchivG)\n\t<\/li>\n\n\n\n<li>die zust\u00e4ndige\n\tAusl\u00e4nderbeh\u00f6rde, wenn die Schule bei ausl\u00e4ndischen\n\tSchulpflichtigen feststellt, dass sie nicht \u00fcber hinreichende\n\tDeutschkenntnisse f\u00fcr einen erfolgreichen Schulbesuch verf\u00fcgen\n\t(Art. 85 Abs. 2 BayEUG)\n\t<\/li>\n\n\n\n<li>das zust\u00e4ndige\n\tGesundheitsamt (\u00a7\u00a7\n\t33-36 Infektionsschutzgesetz &#8211; IfSG)\n<\/li>\n<\/ul>\n\n\n\n<p>\n<em>Dauer der Speicherung <\/em>\n<\/p>\n\n\n\n<p>\nGrundsatz:<\/p>\n\n\n\n<p>\nDaten von Sch\u00fclerinnen und Sch\u00fclern und Erziehungsberechtigten\nwerden von uns nur so lange gespeichert, wie dies unter Beachtung\ngesetzlicher Aufbewahrungsfristen f\u00fcr die jeweilige\nAufgabenerf\u00fcllung erforderlich ist. \n<\/p>\n\n\n\n<p>\nDaten in Sch\u00fclerunterlagen:<\/p>\n\n\n\n<p>\nF\u00fcr Daten, die in den Sch\u00fclerunterlagen gespeichert sind, gelten\ngem\u00e4\u00df <a href=\"http:\/\/www.gesetze-bayern.de\/Content\/Document\/BaySchO2016-40\">\u00a7\n40 der Bayerischen Schulordnung (BaySchO)<\/a>,\ngrunds\u00e4tzlich folgende Speicherfristen:<\/p>\n\n\n\n<figure class=\"wp-block-table\"><table><tbody><tr><td>\n\t\t\t<br>\n\n\t\t\t\n\t\t<\/td><td>\n\t\t\tBetroffene Daten\n\t\t<\/td><td>\n\t\t\tAufbewahrungszeit\/<br>\nL\u00f6schungsfrist\n\t\t<\/td><\/tr><tr><td>\n\t\t\t1.\n\t\t<\/td><td> Sch\u00fclerstammblatt; Abschlusszeugnisse oder <br>sie ersetzende Zeugnisse in Abschrift; Zeugnisse, <br>die schulische Berechtigungen verleihen, in Abschrift; <br>Urkunden, die zum F\u00fchren eine Berufsbezeichnung <br>berechtigen, in Abschrift <\/td><td>\n\t\t\t50 Jahre\n\t\t<\/td><\/tr><tr><td>\n\t\t\t2.\n\t\t<\/td><td>\n\t\t\tLeistungsnachweise\n\t\t<\/td><td>\n\t\t\t2 Jahre\n\t\t<\/td><\/tr><tr><td>\n\t\t\t3.\n\t\t<\/td><td>\n\t\t\talle \u00fcbrigen Daten \n\t\t\t\n\t\t<\/td><td>\n\t\t\t1 Jahr\n\t\t<\/td><\/tr><\/tbody><\/table><\/figure>\n\n\n\n<p>\nDie L\u00f6schfristen f\u00fcr die bei Nrn. 1 und 3 genannten Daten beginnen\nmit Ablauf des Schuljahres, in dem die Sch\u00fclerin oder der Sch\u00fcler\ndie Schule verl\u00e4sst, f\u00fcr die Leistungsnachweise mit Ablauf des\nSchuljahres, in dem sie angefertigt wurden.<\/p>\n\n\n\n<p>\n<strong>b) Daten von Lehrkr\u00e4ften<\/strong><\/p>\n\n\n\n<p>\nVon Lehrkr\u00e4ften verarbeiten wir Name, Staatsangeh\u00f6rigkeit, Angaben\nzur Lehrbef\u00e4higung und zum Unterrichtseinsatz sowie ggf. weitere\nPersonaldaten, soweit diese zur Abwicklung des Dienstverh\u00e4ltnisses\nan der Schule erforderlich sind (die Personalakte wird bei der\nDienst- oder Besch\u00e4ftigungsbeh\u00f6rde gef\u00fchrt). \n<\/p>\n\n\n\n<p>\n<em>Rechtsgrundlage<\/em><\/p>\n\n\n\n<p>\nZentrale Rechtsgrundlage ist Art. 85 Abs. 1 BayEUG. Danach d\u00fcrfen\nSchulen die zur Erf\u00fcllung der ihnen durch Rechtsvorschriften\nzugewiesenen Aufgaben erforderlichen Daten der Lehrkr\u00e4fte\nverarbeiten.<\/p>\n\n\n\n<p>\nDie Datenverarbeitung im Rahmen der F\u00fchrung weiterer Personalakten\n(Nebenakten) ergibt sich aus Art. 104 Abs. 1 Bayerisches\nBeamtengesetz (BayBG). Danach darf eine Besch\u00e4ftigungsbeh\u00f6rde, die\nnicht zugleich personalverwaltende Beh\u00f6rde ist, eine weitere\nPersonalakte (Nebenakte) aus Unterlagen f\u00fchren, die sich auch in der\nGrundakte oder Teilakten befinden, soweit deren Kenntnis f\u00fcr die\nErledigung ihrer Aufgaben erforderlich ist.<\/p>\n\n\n\n<p>\n<em>Zwecke<\/em><\/p>\n\n\n\n<p>\nDie Datenverarbeitung an unserer Schule dient in diesem Rahmen\ninsbesondere der Durchf\u00fchrung organisatorischer, personeller und\nsozialer Ma\u00dfnahmen, insbesondere zu Zwecken der Personalverwaltung\noder Personalwirtschaft (vgl. insbesondere Art. 103 BayBG).<\/p>\n\n\n\n<p>\n<em>Auskunftspflicht\ngegen\u00fcber der Schule<br>\n<\/em>Eine Pflicht zur\nAuskunft durch Lehrkr\u00e4fte besteht nach Ma\u00dfgabe von Art. 85 Abs. 1\nSatz 3 und Satz 4 BayEUG. \n<\/p>\n\n\n\n<p>\n<em>Empf\u00e4nger<\/em><\/p>\n\n\n\n<p>\nAn externe Stellen \u00fcbermitteln wir Daten der Lehrkr\u00e4fte nur, soweit\nes zur Erf\u00fcllung unserer Aufgaben erforderlich oder anderweitig\ngesetzlich vorgesehen ist. \n<\/p>\n\n\n\n<p>\nZu den Empf\u00e4ngern geh\u00f6ren insbesondere:<\/p>\n\n\n\n<ul class=\"wp-block-list\">\n<li>Erziehungsberechtigte,\n\tSch\u00fclerinnen und Sch\u00fcler (Art. 85 Abs. 1 und 3 BayEUG)\n\t<\/li>\n\n\n\n<li>die zust\u00e4ndigen\n\tSchulaufsichtsbeh\u00f6rden (Art. 113 BayEUG)\n\t<\/li>\n\n\n\n<li>die zust\u00e4ndigen\n\tpersonalverwaltenden Stellen (Art. 103 ff. BayBG)\n\t<\/li>\n\n\n\n<li>das Landesamt\n\tf\u00fcr Finanzen (Art. 103 ff. BayBG)\n\t<\/li>\n\n\n\n<li>das Landesamt\n\tf\u00fcr Statistik (Art. 113b Abs. 10 BayEUG)\n\t<\/li>\n\n\n\n<li>die jeweils\n\tzust\u00e4ndige Handwerkskammer als Tr\u00e4ger \u00fcberbetrieblicher\n\tUnterweisungsma\u00dfnahmen (Art. 85 Abs. 1 i.V.m. Art. 59 Abs. 3 BayEUG\n\ti.V.m. \u00a7 21 BSO) \n\t\n\t<\/li>\n\n\n\n<li>die f\u00fcr die\n\tBerufsausbildung zust\u00e4ndigen Stellen (\u00a7 37 Abs. 3 Satz 2 BBiG)\n\t<\/li>\n\n\n\n<li>bei\n\tarchivierungsw\u00fcrdigen Unterlagen nach Ablauf der Aufbewahrungsfrist\n\tggf. das zust\u00e4ndige Archiv nach BayArchivG \n\t\n\t<\/li>\n\n\n\n<li>das zust\u00e4ndige\n\tGesundheitsamt (\u00a7\u00a7\n\t33-36 IfSG)\n<\/li>\n<\/ul>\n\n\n\n<p>\n<em>Dauer der Speicherung<\/em><\/p>\n\n\n\n<p>\nGrundsatz: \n<\/p>\n\n\n\n<p>\nDaten von Lehrkr\u00e4ften werden von uns nur so lange gespeichert, wie\ndies unter Beachtung gesetzlicher Aufbewahrungsfristen f\u00fcr die\njeweilige Aufgabenerf\u00fcllung erforderlich ist.<\/p>\n\n\n\n<p>\nPersonaldaten:<\/p>\n\n\n\n<p>\nDie Speicherung, L\u00f6schung und Vernichtung Ihrer Personaldaten im\nRahmen des Besch\u00e4ftigungsverh\u00e4ltnisses richtet sich nach den Art.\n103 ff. BayBG, insb. Art. 110 BayBG (im Falle der Arbeitnehmerinnen\nund Arbeitnehmer nach \u00a7 611a BGB sowie in entsprechender Anwendung\nnach den Art. 103 ff. BayBG, insb. Art. 110 BayBG).<\/p>\n\n\n\n<p>\n<strong>c) Daten des nicht\nunterrichtenden Personals<\/strong><\/p>\n\n\n\n<p>\nVon nicht unterrichtendem Personal f\u00fchren wir die Personaldaten, die\nzur Abwicklung des Dienstverh\u00e4ltnisses an der Schule erforderlich\nsind (die Personalakte wird von der Dienst- oder\nBesch\u00e4ftigungsbeh\u00f6rde gef\u00fchrt). \n<\/p>\n\n\n\n<p>\n<em>Rechtsgrundlage<\/em><\/p>\n\n\n\n<p>\nZentrale Rechtsgrundlage ist Art. 85 Abs. 1 BayEUG. Danach d\u00fcrfen\nSchulen die zur Erf\u00fcllung der ihnen durch Rechtsvorschriften\nzugewiesenen Aufgaben erforderlichen Daten des nicht unterrichtenden\nPersonals verarbeiten.<\/p>\n\n\n\n<p>\nDie Datenverarbeitung im Rahmen der F\u00fchrung weiterer Personalakten\n(Nebenakten) ergibt sich aus Art. 104 Abs. 1 BayBG. Danach darf eine\nBesch\u00e4ftigungsbeh\u00f6rde, die nicht zugleich personalverwaltende\nBeh\u00f6rde ist, eine weitere Personalakte (Nebenakte) aus Unterlagen\nf\u00fchren, die sich auch in der Grundakte oder Teilakten befinden,\nsoweit deren Kenntnis f\u00fcr die Erledigung ihrer Aufgaben erforderlich\nist (im Falle der Arbeitnehmerinnen und Arbeitnehmer nach \u00a7 611a\nB\u00fcrgerliches Gesetzbuch (BGB) sowie in entsprechender Anwendung nach\nden Art. 103 ff. BayBG.).<\/p>\n\n\n\n<p>\n<em>Zwecke<\/em><\/p>\n\n\n\n<p>\nDie Datenverarbeitung an unserer Schule dient in diesem Rahmen\ninsbesondere der Durchf\u00fchrung organisatorischer, personeller und\nsozialer Ma\u00dfnahmen, insbesondere zu Zwecken der Personalverwaltung\noder Personalwirtschaft (vgl. insbesondere Art. 103 BayBG).<\/p>\n\n\n\n<p>\n<em>Empf\u00e4nger<\/em><\/p>\n\n\n\n<p>\nAn externe Stellen \u00fcbermitteln wir Daten des nicht unterrichtenden\nPersonals nur, soweit es zur Erf\u00fcllung unserer Aufgaben erforderlich\noder anderweitig gesetzlich vorgesehen ist. \n<\/p>\n\n\n\n<p>\nZu den Empf\u00e4ngern geh\u00f6ren insbesondere: \n<\/p>\n\n\n\n<ul class=\"wp-block-list\">\n<li>Erziehungsberechtigte,\n\tSch\u00fclerinnen und Sch\u00fcler (Art. 85 Abs. 1 BayEUG)\n\t<\/li>\n\n\n\n<li>die zust\u00e4ndigen\n\tSchulaufsichtsbeh\u00f6rden (Art. 113 BayEUG)\n\t<\/li>\n\n\n\n<li>die zust\u00e4ndigen\n\tpersonalverwaltenden Stellen (Art. 103 ff. BayBG)\n\t<\/li>\n\n\n\n<li>das Landesamt\n\tf\u00fcr Finanzen (Art. 103 ff. BayBG)\n\t<\/li>\n\n\n\n<li>das Landesamt\n\tf\u00fcr Statistik (Art. 113b Abs. 10 BayEUG)\n\t<\/li>\n\n\n\n<li>die jeweils\n\tzust\u00e4ndige Handwerkskammer als Tr\u00e4ger \u00fcberbetrieblicher\n\tUnterweisungsma\u00dfnahmen (Art. 85 Abs. 1 i.V.m. Art. 59 Abs. 3 BayEUG\n\ti.V.m. \u00a7 21 BSO), \n\t\n\t<\/li>\n\n\n\n<li>die f\u00fcr die\n\tBerufsausbildung zust\u00e4ndigen Stellen (\u00a7 37 Abs. 3 Satz 2 BBiG)\n\t<\/li>\n\n\n\n<li>bei\n\tarchivierungsw\u00fcrdigen Unterlagen nach Ablauf der Aufbewahrungsfrist\n\tggf. das zust\u00e4ndige Archiv nach dem BayArchivG \n\t\n\t<\/li>\n\n\n\n<li>das zust\u00e4ndige\n\tGesundheitsamt (\u00a7\u00a7\n\t33-36 IfSG)\n<\/li>\n<\/ul>\n\n\n\n<p>\n<em>Dauer der Speicherung<\/em><\/p>\n\n\n\n<p>\nGrundsatz: Daten des nicht unterrichtenden Personals werden von uns\ngrunds\u00e4tzlich nur so lange gespeichert, wie dies unter Beachtung\ngesetzlicher Aufbewahrungsfristen f\u00fcr die jeweilige\nAufgabenerf\u00fcllung erforderlich ist.<\/p>\n\n\n\n<p>\nPersonaldaten:<\/p>\n\n\n\n<p>\nDie Speicherung, L\u00f6schung und Vernichtung Ihrer Personaldaten im\nRahmen des Besch\u00e4ftigungsverh\u00e4ltnisses richtet sich nach den Art.\n103 ff. BayBG, insb. Art. 110 BayBG (im Falle der Arbeitnehmerinnen\nund Arbeitnehmer nach \u00a7 611a BGB sowie in entsprechender Anwendung\nnach den Art. 103 ff. BayBG, insb. Art. 110 BayBG).<\/p>\n\n\n\n<p>\n<strong>d) Daten von Personen, die mit der Schule in Gesch\u00e4ftskontakt\noder sonst in Kontakt stehen<br>\n<\/strong>(z.B. als Dienstleister oder\nHandwerker, Vertreter von \u00f6rtlichen Beh\u00f6rden oder Personen, die\nsich an die Schule wenden)<\/p>\n\n\n\n<p>\n<em>Name\nund Adressdaten<br>\n<\/em>Weitere Daten werden je\nnach Art des Gesch\u00e4fts- oder sonstigen Kontakts verarbeitet.<\/p>\n\n\n\n<p>\n<em>Rechtsgrundlage<\/em><\/p>\n\n\n\n<p>\nAls Rechtsgrundlage kommt insbesondere Art. 6 Abs. 1 UAbs. 1 Buchst.\na DSGVO (Einwilligung) und Art. 6 Abs.1 UAbs. 1 Buchst. b DSGVO\n(Abwicklung eines Vertrags) in Betracht. \n<\/p>\n\n\n\n<p>\n<em>Zwecke<\/em><\/p>\n\n\n\n<p>\nDie Datenverarbeitung an unserer Schule dient im Rahmen einer\nEinwilligung dem in der Einwilligung angegebenen Zweck oder bei der\nAbwicklung eines Vertrages der Erf\u00fcllung des jeweiligen Vertrages.<\/p>\n\n\n\n<p>\n<em>Empf\u00e4nger<\/em><\/p>\n\n\n\n<p>\nAn externe Stellen \u00fcbermitteln wir Daten von Personen, die mit der\nSchule in Gesch\u00e4ftskontakt oder sonst in Kontakt stehen nur, soweit\nes zur Erf\u00fcllung unserer Aufgaben erforderlich oder anderweitig\ngesetzlich vorgesehen ist. \n<\/p>\n\n\n\n<p>\n<em>Dauer der Speicherung<\/em><\/p>\n\n\n\n<p>\nDaten von Personen, die mit der Schule in Gesch\u00e4ftskontakt oder\nsonst in Kontakt stehen werden von uns nur so lange gespeichert, wie\ndies unter Beachtung gesetzlicher Aufbewahrungsfristen f\u00fcr die\njeweiligen Verarbeitungszwecke erforderlich ist. \n<\/p>\n\n\n\n<p>\n\t<a href=\"#sdfootnote1anc\">1<\/a>\n\t\u00dcber die Information des Betroffenen \u00fcber die Datenverarbeitung im\n\tRahmen des Internetauftritts hinausgehend kann die\n\tDatenschutzerkl\u00e4rung auch als Standort gew\u00e4hlt werden, um den\n\tBetroffenen \u00fcber weitere Datenverarbeitungen der Schule gem\u00e4\u00df\n\tArt. 13 und 14 DSGVO zu informieren, z.B. Information des\n\tBetroffenen \u00fcber die Verarbeitung personenbezogener Daten bei\n\tVeranstaltungen oder bei bestimmten Fachverfahren (siehe C).<\/p>\n","protected":false},"excerpt":{"rendered":"<p>Datenschutzhinweise1 A) Allgemeine Informationen Name und Kontaktdaten des Verantwortlichen Grundschule Neu-Ulm-OffenhausenStephanie Klippstein, Rektorin Martin-Luther-Stra\u00dfe 489231 Neu-Ulm Telefon: 0731\/73913Telefax: 0731\/9723342 E-Mail:&hellip;<\/p>\n","protected":false},"author":2,"featured_media":0,"parent":0,"menu_order":0,"comment_status":"closed","ping_status":"closed","template":"","meta":{"footnotes":""},"class_list":["post-106","page","type-page","status-publish","hentry"],"_links":{"self":[{"href":"https:\/\/gsoffenhausen.schule.neu-ulm.de\/index.php?rest_route=\/wp\/v2\/pages\/106","targetHints":{"allow":["GET"]}}],"collection":[{"href":"https:\/\/gsoffenhausen.schule.neu-ulm.de\/index.php?rest_route=\/wp\/v2\/pages"}],"about":[{"href":"https:\/\/gsoffenhausen.schule.neu-ulm.de\/index.php?rest_route=\/wp\/v2\/types\/page"}],"author":[{"embeddable":true,"href":"https:\/\/gsoffenhausen.schule.neu-ulm.de\/index.php?rest_route=\/wp\/v2\/users\/2"}],"replies":[{"embeddable":true,"href":"https:\/\/gsoffenhausen.schule.neu-ulm.de\/index.php?rest_route=%2Fwp%2Fv2%2Fcomments&post=106"}],"version-history":[{"count":11,"href":"https:\/\/gsoffenhausen.schule.neu-ulm.de\/index.php?rest_route=\/wp\/v2\/pages\/106\/revisions"}],"predecessor-version":[{"id":5710,"href":"https:\/\/gsoffenhausen.schule.neu-ulm.de\/index.php?rest_route=\/wp\/v2\/pages\/106\/revisions\/5710"}],"wp:attachment":[{"href":"https:\/\/gsoffenhausen.schule.neu-ulm.de\/index.php?rest_route=%2Fwp%2Fv2%2Fmedia&parent=106"}],"curies":[{"name":"wp","href":"https:\/\/api.w.org\/{rel}","templated":true}]}}